{"id":47,"date":"2013-05-04T10:30:27","date_gmt":"2013-05-04T09:30:27","guid":{"rendered":"http:\/\/www.martinaminges.eu\/luiseMarcks\/?page_id=47"},"modified":"2021-08-18T19:50:20","modified_gmt":"2021-08-18T18:50:20","slug":"psalm-fur-religionspadagogen","status":"publish","type":"page","link":"https:\/\/luise-marcks.de\/?page_id=47","title":{"rendered":"F\u00fcr Religionsp\u00e4dagogen (3)"},"content":{"rendered":"<h4><em>Psalm f\u00fcr Religionsp\u00e4dagogen<\/em><\/h4>\n<p>Rundgeschliffen, rund deine alten Worte<br \/>\nlieber Gott, wie Kiesel im Bachbett *<br \/>\nWeichgesp\u00fclt im Mahlstrom der Religionsp\u00e4dagogen<br \/>\nlieber Gott, piep piep, wir haben uns alle lieb.<\/p>\n<p>Dein Sohn, warum hat er nicht abgeschworen<br \/>\nseine Sohnschaft abgemildert *<br \/>\nNicht Gottes Sohn, nur eine Scherbe<br \/>\ndie Funken spiegelt des G\u00f6ttlichen?<\/p>\n<p>Eingeklammert, ausgeklammert, was nicht passt *<br \/>\nlieber Gott, nicht passt zu dem Bild, das wir von dir gemacht.<\/p>\n<p>Rundgeschliffen deine alten Worte<br \/>\nSchutzformeln f\u00fcr unseren Innenraum.<br \/>\nKein Eckstein mehr da.<br \/>\nEckstein<br \/>\nEckstein.<\/p>\n<p><em>4. Mai 2013<\/em><\/p>\n<h4><em>Heutzutage<\/em><\/h4>\n<p>Heutzutage ist es<br \/>\nin unseren Kreisen<br \/>\nnicht mehr erw\u00fcnscht<br \/>\neinfach<br \/>\nzu glauben.<br \/>\nUngebrochener Glaube<br \/>\nsei unglaubw\u00fcrdig.<br \/>\nDie Kirche<br \/>\nh\u00f6ren<br \/>\nsei ein Relikt<br \/>\nder<br \/>\nVoraufkl\u00e4rung.<br \/>\nMein eigenes<br \/>\naufgekl\u00e4rtes Denken<br \/>\nhabe mich<br \/>\nzu folgenden Erkenntnissen<br \/>\nzu f\u00fchren:<\/p>\n<p>Andersdenkende<br \/>\nst\u00fcnden<br \/>\nrechts au\u00dfen.<br \/>\nUnbeweglich.<br \/>\nUnzeitgem\u00e4\u00df.<br \/>\nUntolerierbar.<\/p>\n<p><em>19. April 2015<\/em><\/p>\n<h4><em>Systemrelevant<\/em><\/h4>\n<p>Gretchenfrage: &#8222;Wie h\u00e4ltst du es mit der Religion?&#8220;<br \/>\nwird neu gestellt. Coronabedingt ist Gruppenbildung,<br \/>\nGruppenmischung, Gruppenteilung unerw\u00fcnscht.<\/p>\n<p>Ethik f\u00fcr alle? Aber woher nehmen.<br \/>\nReligionspluralismus in T\u00fcten<br \/>\nist kaum zu glauben auch nicht<br \/>\nSysthem- nur Versetzungsrelevant.<\/p>\n<p><em>Februar 2021<\/em><\/p>\n","protected":false},"excerpt":{"rendered":"<p>Psalm f\u00fcr Religionsp\u00e4dagogen Rundgeschliffen, rund deine alten Worte lieber Gott, wie Kiesel im Bachbett * Weichgesp\u00fclt im Mahlstrom der Religionsp\u00e4dagogen lieber Gott, piep piep, wir haben uns alle lieb. Dein Sohn, warum hat er nicht abgeschworen seine Sohnschaft abgemildert * Nicht Gottes Sohn, nur eine Scherbe die Funken spiegelt des G\u00f6ttlichen? Eingeklammert, ausgeklammert, was nicht &hellip; <a href=\"https:\/\/luise-marcks.de\/?page_id=47\" class=\"more-link\"><span class=\"screen-reader-text\">F\u00fcr Religionsp\u00e4dagogen (3)<\/span> weiterlesen<\/a><\/p>\n","protected":false},"author":1,"featured_media":3661,"parent":0,"menu_order":0,"comment_status":"open","ping_status":"closed","template":"","meta":[],"_links":{"self":[{"href":"https:\/\/luise-marcks.de\/index.php?rest_route=\/wp\/v2\/pages\/47"}],"collection":[{"href":"https:\/\/luise-marcks.de\/index.php?rest_route=\/wp\/v2\/pages"}],"about":[{"href":"https:\/\/luise-marcks.de\/index.php?rest_route=\/wp\/v2\/types\/page"}],"author":[{"embeddable":true,"href":"https:\/\/luise-marcks.de\/index.php?rest_route=\/wp\/v2\/users\/1"}],"replies":[{"embeddable":true,"href":"https:\/\/luise-marcks.de\/index.php?rest_route=%2Fwp%2Fv2%2Fcomments&post=47"}],"version-history":[{"count":26,"href":"https:\/\/luise-marcks.de\/index.php?rest_route=\/wp\/v2\/pages\/47\/revisions"}],"predecessor-version":[{"id":4034,"href":"https:\/\/luise-marcks.de\/index.php?rest_route=\/wp\/v2\/pages\/47\/revisions\/4034"}],"wp:featuredmedia":[{"embeddable":true,"href":"https:\/\/luise-marcks.de\/index.php?rest_route=\/wp\/v2\/media\/3661"}],"wp:attachment":[{"href":"https:\/\/luise-marcks.de\/index.php?rest_route=%2Fwp%2Fv2%2Fmedia&parent=47"}],"curies":[{"name":"wp","href":"https:\/\/api.w.org\/{rel}","templated":true}]}}